{"id":977,"date":"2019-10-03T14:35:30","date_gmt":"2019-10-03T13:35:30","guid":{"rendered":"https:\/\/haveheart.qodeinteractive.com\/main-home-2\/"},"modified":"2025-08-13T16:49:46","modified_gmt":"2025-08-13T23:49:46","slug":"day-treatment-and-training-for-adults","status":"publish","type":"page","link":"https:\/\/ucpofcentralaz.org\/es\/services\/day-treatment-and-training-for-adults\/","title":{"rendered":"Tratamiento diurno y entrenamiento para adultos"},"content":{"rendered":"<div class=\"wpb-content-wrapper\"><div class=\"vc_row wpb_row vc_row-fluid headerPosition vc_custom_1677179655998 vc_row-has-fill vc_row-o-content-bottom vc_row-flex\"><div class=\"wpb_column vc_column_container vc_col-sm-12 vc_col-has-fill\"><div class=\"vc_column-inner vc_custom_1677175038488\"><div class=\"wpb_wrapper\"><div class=\"vc_empty_space\"   style=\"height: 50vh\"><span class=\"vc_empty_space_inner\"><\/span><\/div>\n\t<div class=\"wpb_text_column wpb_content_element\" >\n\t\t<div class=\"wpb_wrapper\">\n\t\t\t<div style=\"color: white;\">\n<h1 style=\"text-align: center; color: white; text-transform: uppercase;\"><strong>Tratamiento diurno y entrenamiento para adultos<\/strong><\/h1>\n<p style=\"text-align: center;\">Brinda servicios a adultos con discapacidades tanto en el centro como en la comunidad.<\/p>\n<\/div>\n\n\t\t<\/div>\n\t<\/div>\n<div class=\"vc_empty_space\"   style=\"height: 15vh\"><span class=\"vc_empty_space_inner\"><\/span><\/div><\/div><\/div><\/div><\/div><div class=\"qodef-content-grid\"><div class=\"vc_row wpb_row vc_row-fluid qodef-row-over vc_custom_1677179839677 vc_row-has-fill\"><div class=\"wpb_column vc_column_container vc_col-sm-12\"><div class=\"vc_column-inner\"><div class=\"wpb_wrapper\"><div class=\"qodef-content-grid\"><div class=\"vc_row wpb_row vc_inner vc_row-fluid vc_custom_1570112925022 vc_row-has-fill\"><div class=\"wpb_column vc_column_container vc_col-sm-12\"><div class=\"vc_column-inner vc_custom_1587601600032\"><div class=\"wpb_wrapper\"><div class=\"qodef-shortcode qodef-m  qodef-section-title qodef-alignment--center\">\n\t\t\t\t<h4 class=\"qodef-m-title\" >\n\t\t\t\t\tPOSIBILIDADES REALIZADAS \u2122\t\t\t<\/h4>\n\t<\/div><div class=\"vc_empty_space\"   style=\"height: 20px\"><span class=\"vc_empty_space_inner\"><\/span><\/div><div class=\"qodef-shortcode qodef-m  qodef-section-title qodef-alignment--center\">\n\t\t\t\t<h1 class=\"qodef-m-title\" >\n\t\t\t\t\tIndependencia de aprendizaje\t\t\t<\/h1>\n\t\t<p class=\"qodef-m-text\" style=\"margin-top: 13px;color: #006680;font-size: 21px;line-height: 31px\">Brinda a los miembros oportunidades para aprender la socializaci\u00f3n y mejorar sus habilidades de lenguaje y comunicaci\u00f3n, as\u00ed como las metas establecidas en sus Planes de Servicio Individual.<\/p>\n<\/div>\n\t<div class=\"wpb_text_column wpb_content_element\" >\n\t\t<div class=\"wpb_wrapper\">\n\t\t\t<p>Est\u00e1 dise\u00f1ado para ofrecer a los miembros OPCIONES de diversas actividades que brindan refuerzo de habilidades en siete \u00e1reas clave de desarrollo: actividad f\u00edsica, socializaci\u00f3n, comunicaci\u00f3n, actividades sensoriales, cognitivas, de bellas artes y de la vida diaria.<\/p>\n<p>El programa generalmente mantiene una proporci\u00f3n de un miembro del personal por cada cuatro miembros, sin embargo, en situaciones especiales, se puede proporcionar una proporci\u00f3n individual para mejorar su entorno de aprendizaje. Esta atenci\u00f3n personalizada se adapta a las necesidades y preferencias del miembro. El programa tambi\u00e9n proporciona transporte entre el programa y el hogar del miembro (si la distancia lo permite), lo cual es de gran ayuda para las familias de nuestros miembros.<\/p>\n\n\t\t<\/div>\n\t<\/div>\n<div class=\"vc_empty_space\"   style=\"height: 20px\"><span class=\"vc_empty_space_inner\"><\/span><\/div><\/div><\/div><\/div><\/div><\/div><\/div><\/div><\/div><\/div><\/div><div class=\"qodef-content-grid\"><div class=\"vc_row wpb_row vc_row-fluid vc_custom_1570436444973 vc_row-has-fill\"><div class=\"wpb_column vc_column_container vc_col-sm-12\"><div class=\"vc_column-inner\"><div class=\"wpb_wrapper\"><div class=\"qodef-content-grid\"><div class=\"vc_row wpb_row vc_inner vc_row-fluid vc_column-gap-15\"><div class=\"wpb_column vc_column_container vc_col-sm-12 vc_col-lg-4 vc_col-md-6 vc_col-xs-12\"><div class=\"vc_column-inner vc_custom_1574332359544\"><div class=\"wpb_wrapper\">\n\t<div class=\"wpb_text_column wpb_content_element\" >\n\t\t<div class=\"wpb_wrapper\">\n\t\t\t<h4><span style=\"font-size: 34px; line-height: 42px; font-weight: bold; color: #364f75;\">01\u00a0\u00a0<\/span>Cocinando<\/h4>\n\n\t\t<\/div>\n\t<\/div>\n<div class=\"vc_empty_space\"   style=\"height: 8px\"><span class=\"vc_empty_space_inner\"><\/span><\/div>\n\t<div class=\"wpb_text_column wpb_content_element\" >\n\t\t<div class=\"wpb_wrapper\">\n\t\t\t<p>Nuestros miembros aprenden a preparar comidas saludables, identificar varios grupos de alimentos y seguir recetas. Se recomienda encarecidamente la seguridad en la cocina, integramos las habilidades de socializaci\u00f3n y comunicaci\u00f3n en el proceso de aprendizaje. Una vez a la semana, crean una comida para compartir con todos. Los miembros planean el men\u00fa, aprenden el valor nutricional de la comida, hacen un viaje a la tienda local y compran los ingredientes. Finalmente, con la ayuda de un empleado, \u00a1cocinan!<\/p>\n\n\t\t<\/div>\n\t<\/div>\n<\/div><\/div><\/div><div class=\"wpb_column vc_column_container vc_col-sm-12 vc_col-lg-4 vc_col-md-6 vc_col-xs-12\"><div class=\"vc_column-inner vc_custom_1574332135590\"><div class=\"wpb_wrapper\">\n\t<div class=\"wpb_text_column wpb_content_element\" >\n\t\t<div class=\"wpb_wrapper\">\n\t\t\t<h4><span style=\"font-size: 34px; line-height: 42px; font-weight: bold; color: #364f75;\">02\u00a0\u00a0<\/span>Excursiones a la comunidad<\/h4>\n\n\t\t<\/div>\n\t<\/div>\n<div class=\"vc_empty_space\"   style=\"height: 8px\"><span class=\"vc_empty_space_inner\"><\/span><\/div>\n\t<div class=\"wpb_text_column wpb_content_element\" >\n\t\t<div class=\"wpb_wrapper\">\n\t\t\t<p>La participaci\u00f3n de los miembros en nuestra comunidad proporciona un importante sentido de pertenencia. Las salidas comunitarias tienen lugar de dos a tres veces por semana. Las salidas brindan a los miembros la oportunidad de aprender y explorar su comunidad mientras practican la socializaci\u00f3n, las habilidades de los extra\u00f1os y la independencia. Algunos ejemplos de salidas incluyen; comprar en grandes almacenes, asistir a eventos deportivos, cenar en restaurantes, ir a museos, la biblioteca, el cine y m\u00e1s.<\/p>\n\n\t\t<\/div>\n\t<\/div>\n<\/div><\/div><\/div><div class=\"wpb_column vc_column_container vc_col-sm-12 vc_col-lg-4 vc_col-md-6 vc_col-xs-12\"><div class=\"vc_column-inner vc_custom_1574333973557\"><div class=\"wpb_wrapper\">\n\t<div class=\"wpb_text_column wpb_content_element\" >\n\t\t<div class=\"wpb_wrapper\">\n\t\t\t<h4><span style=\"font-size: 34px; line-height: 42px; font-weight: bold; color: #364f75;\">03\u00a0\u00a0<\/span>Trabajar como voluntario<\/h4>\n\n\t\t<\/div>\n\t<\/div>\n<div class=\"vc_empty_space\"   style=\"height: 8px\"><span class=\"vc_empty_space_inner\"><\/span><\/div>\n\t<div class=\"wpb_text_column wpb_content_element\" >\n\t\t<div class=\"wpb_wrapper\">\n\t\t\t<p>Los miembros muestran su apoyo comunitario mediante el voluntariado activo. Una vez a la semana, los miembros son llevados al Banco de Alimentos de St. Mary, donde clasifican la ropa y crean cajas de comida para distribuir a las personas necesitadas. Se enorgullecen enormemente del trabajo voluntario que realizan. Nuestros miembros tambi\u00e9n se han asociado con la Biblioteca de Amigos del F\u00e9nix para continuar con nuestros esfuerzos de voluntariado para almacenar estanter\u00edas en el almac\u00e9n de la biblioteca. Nuestros miembros esperan y disfrutan estas experiencias.<\/p>\n\n\t\t<\/div>\n\t<\/div>\n<\/div><\/div><\/div><\/div><\/div><\/div><\/div><\/div><\/div><\/div><div class=\"qodef-content-grid\"><div class=\"vc_row wpb_row vc_row-fluid qodef-none-image vc_custom_1573636324912 vc_row-has-fill vc_row-o-content-middle vc_row-flex qodef-content-alignment-center\"><div class=\"wpb_column vc_column_container vc_col-sm-12\"><div class=\"vc_column-inner\"><div class=\"wpb_wrapper\"><div class=\"qodef-content-grid\"><div class=\"vc_row wpb_row vc_inner vc_row-fluid qodef-content-alignment-center\"><div class=\"wpb_column vc_column_container vc_col-sm-12\"><div class=\"vc_column-inner vc_custom_1570198639688\"><div class=\"wpb_wrapper\"><div class=\"qodef-shortcode qodef-m  qodef-section-title qodef-alignment--center\">\n\t\t<h5 class=\"qodef-m-subtitle\" style=\"margin-top: 0px;margin-bottom: 0px\">\n\t\tAyudando a nuestra comunidad\t<\/h5>\n\t\t<p class=\"qodef-m-number\" >\n\t\u00bfSab\u00edas?\t<\/p>\n\t\t<h2 class=\"qodef-m-title\" >\n\t\t\t\t\tUCP ayuda a otros\t\t\t<\/h2>\n\t\t<p class=\"qodef-m-text\" style=\"margin-top: 18px;font-size: 21px;line-height: 31px\">A trav\u00e9s de nuestros programas de voluntariado y salidas comunitarias, UCP extiende el valor de su donaci\u00f3n para lugares como St. Mary &amp; #039; sy la Biblioteca de Phoenix.<\/p>\n<\/div><\/div><\/div><\/div><\/div><\/div><div class=\"vc_empty_space\"   style=\"height: 50px\"><span class=\"vc_empty_space_inner\"><\/span><\/div><\/div><\/div><\/div><\/div><\/div><div class=\"qodef-content-grid\"><div class=\"vc_row wpb_row vc_row-fluid vc_custom_1570436444973 vc_row-has-fill\"><div class=\"wpb_column vc_column_container vc_col-sm-12\"><div class=\"vc_column-inner\"><div class=\"wpb_wrapper\"><div class=\"qodef-content-grid\"><div class=\"vc_row wpb_row vc_inner vc_row-fluid vc_column-gap-15\"><div class=\"wpb_column vc_column_container vc_col-sm-12 vc_col-lg-4 vc_col-md-6 vc_col-xs-12\"><div class=\"vc_column-inner vc_custom_1574332359544\"><div class=\"wpb_wrapper\">\n\t<div class=\"wpb_text_column wpb_content_element\" >\n\t\t<div class=\"wpb_wrapper\">\n\t\t\t<h4><span style=\"font-size: 34px; line-height: 42px; font-weight: bold; color: #364f75;\">04\u00a0\u00a0<\/span>Fotograf\u00eda<\/h4>\n\n\t\t<\/div>\n\t<\/div>\n<div class=\"vc_empty_space\"   style=\"height: 8px\"><span class=\"vc_empty_space_inner\"><\/span><\/div>\n\t<div class=\"wpb_text_column wpb_content_element\" >\n\t\t<div class=\"wpb_wrapper\">\n\t\t\t<p>Muchos de nuestros miembros simplemente recogen una c\u00e1mara por primera vez. Con la ayuda del personal, a los miembros se les ense\u00f1a c\u00f3mo usar una c\u00e1mara y expresarse a trav\u00e9s de im\u00e1genes. Los miembros son llevados a la comunidad y pueden capturar im\u00e1genes de plantas, edificios, autom\u00f3viles y animales. A veces se les da la tarea de encontrar im\u00e1genes \u00fanicas para fotografiar. Es una gran oportunidad para que nuestros miembros exploren su comunidad y usen su imaginaci\u00f3n.<\/p>\n\n\t\t<\/div>\n\t<\/div>\n<\/div><\/div><\/div><div class=\"wpb_column vc_column_container vc_col-sm-12 vc_col-lg-4 vc_col-md-6 vc_col-xs-12\"><div class=\"vc_column-inner vc_custom_1574332135590\"><div class=\"wpb_wrapper\">\n\t<div class=\"wpb_text_column wpb_content_element\" >\n\t\t<div class=\"wpb_wrapper\">\n\t\t\t<h4><span style=\"font-size: 34px; line-height: 42px; font-weight: bold; color: #364f75;\">05\u00a0\u00a0<\/span>Arte<\/h4>\n\n\t\t<\/div>\n\t<\/div>\n<div class=\"vc_empty_space\"   style=\"height: 8px\"><span class=\"vc_empty_space_inner\"><\/span><\/div>\n\t<div class=\"wpb_text_column wpb_content_element\" >\n\t\t<div class=\"wpb_wrapper\">\n\t\t\t<p>\u00a1Nuestro Aula de Arte permite que la creatividad y la imaginaci\u00f3n de nuestros miembros se disparen! A lo largo del a\u00f1o, los miembros del programa se expresan a trav\u00e9s de diversas formas de arte, como el dibujo, la artesan\u00eda, la pintura de lienzos y las cuentas de joyer\u00eda. Estas actividades no son solo divertidas, sino que tambi\u00e9n mejoran la coordinaci\u00f3n mano-ojo y las habilidades motoras finas. Cada oto\u00f1o, el DTA organiza una &quot;Exposici\u00f3n de arte&quot; donde la obra de arte se exhibe y se pone a la venta. Todos los ingresos respaldan a\u00fan m\u00e1s las actividades que disfrutan los miembros.<\/p>\n\n\t\t<\/div>\n\t<\/div>\n<\/div><\/div><\/div><div class=\"wpb_column vc_column_container vc_col-sm-12 vc_col-lg-4 vc_col-md-6 vc_col-xs-12\"><div class=\"vc_column-inner vc_custom_1574333973557\"><div class=\"wpb_wrapper\">\n\t<div class=\"wpb_text_column wpb_content_element\" >\n\t\t<div class=\"wpb_wrapper\">\n\t\t\t<h4><span style=\"font-size: 34px; line-height: 42px; font-weight: bold; color: #364f75;\">06\u00a0\u00a0<\/span>Abogac\u00eda<\/h4>\n\n\t\t<\/div>\n\t<\/div>\n<div class=\"vc_empty_space\"   style=\"height: 8px\"><span class=\"vc_empty_space_inner\"><\/span><\/div>\n\t<div class=\"wpb_text_column wpb_content_element\" >\n\t\t<div class=\"wpb_wrapper\">\n\t\t\t<p>Nuestro grupo de defensa es facilitado por ABILITY 360 que se re\u00fane con nuestros miembros una vez al mes para ense\u00f1arles las habilidades necesarias para abogar por s\u00ed mismos y tener voz en las decisiones que afectan sus vidas. Los miembros reciben informaci\u00f3n sobre sus derechos y responsabilidades y sobre c\u00f3mo tomar decisiones y decisiones. Para apoyar el proceso de toma de decisiones, nuestros miembros desarrollan el cronograma de actividades. Mediante el uso de reuniones comunitarias, los miembros participan en la planificaci\u00f3n de sus actividades comunitarias.<\/p>\n\n\t\t<\/div>\n\t<\/div>\n<\/div><\/div><\/div><\/div><\/div><\/div><\/div><\/div><\/div><\/div><div class=\"qodef-content-grid\"><div class=\"vc_row wpb_row vc_row-fluid vc_custom_1570436444973 vc_row-has-fill\"><div class=\"wpb_column vc_column_container vc_col-sm-12\"><div class=\"vc_column-inner\"><div class=\"wpb_wrapper\"><div class=\"qodef-content-grid\"><div class=\"vc_row wpb_row vc_inner vc_row-fluid vc_column-gap-15\"><div class=\"wpb_column vc_column_container vc_col-sm-12 vc_col-lg-4 vc_col-md-6 vc_col-xs-12\"><div class=\"vc_column-inner vc_custom_1574332359544\"><div class=\"wpb_wrapper\">\n\t<div class=\"wpb_text_column wpb_content_element\" >\n\t\t<div class=\"wpb_wrapper\">\n\t\t\t<h4><span style=\"font-size: 34px; line-height: 42px; font-weight: bold; color: #364f75;\">07\u00a0\u00a0<\/span>Social<\/h4>\n\n\t\t<\/div>\n\t<\/div>\n<div class=\"vc_empty_space\"   style=\"height: 8px\"><span class=\"vc_empty_space_inner\"><\/span><\/div>\n\t<div class=\"wpb_text_column wpb_content_element\" >\n\t\t<div class=\"wpb_wrapper\">\n\t\t\t<p>El programa DTA lleva a cabo varios eventos sociales durante todo el a\u00f1o como un medio para reunir a las familias para apoyar a los miembros e involucrarlos en la socializaci\u00f3n. Ejemplos de eventos incluyen juegos de b\u00e9isbol, estrenos de pel\u00edculas, espect\u00e1culos de arte, olimpiadas especiales, fiestas navide\u00f1as, d\u00edas de agradecimiento a los miembros y m\u00e1s.<\/p>\n\n\t\t<\/div>\n\t<\/div>\n<\/div><\/div><\/div><div class=\"wpb_column vc_column_container vc_col-sm-12 vc_col-lg-4 vc_col-md-6 vc_col-xs-12\"><div class=\"vc_column-inner vc_custom_1574332135590\"><div class=\"wpb_wrapper\">\n\t<div class=\"wpb_text_column wpb_content_element\" >\n\t\t<div class=\"wpb_wrapper\">\n\t\t\t<h4><span style=\"font-size: 34px; line-height: 42px; font-weight: bold; color: #364f75;\">08\u00a0\u00a0<\/span>Actividades f\u00edsicas<\/h4>\n\n\t\t<\/div>\n\t<\/div>\n<div class=\"vc_empty_space\"   style=\"height: 8px\"><span class=\"vc_empty_space_inner\"><\/span><\/div>\n\t<div class=\"wpb_text_column wpb_content_element\" >\n\t\t<div class=\"wpb_wrapper\">\n\t\t\t<p>Varias veces por semana, el DTA ofrece actividades f\u00edsicas a los miembros. Actividades incluidas; siguiendo videos de acondicionamiento f\u00edsico, Wii, Tai Chi, clubes de caminata e instrucci\u00f3n personal para el bienestar general.<\/p>\n\n\t\t<\/div>\n\t<\/div>\n<\/div><\/div><\/div><div class=\"wpb_column vc_column_container vc_col-sm-12 vc_col-lg-4 vc_col-md-6 vc_col-xs-12\"><div class=\"vc_column-inner vc_custom_1574333973557\"><div class=\"wpb_wrapper\">\n\t<div class=\"wpb_text_column wpb_content_element\" >\n\t\t<div class=\"wpb_wrapper\">\n\t\t\t<h4><span style=\"font-size: 34px; line-height: 42px; font-weight: bold; color: #364f75;\">09\u00a0\u00a0<\/span>Computadoras \/ Pizarras Blancas<\/h4>\n\n\t\t<\/div>\n\t<\/div>\n<div class=\"vc_empty_space\"   style=\"height: 8px\"><span class=\"vc_empty_space_inner\"><\/span><\/div>\n\t<div class=\"wpb_text_column wpb_content_element\" >\n\t\t<div class=\"wpb_wrapper\">\n\t\t\t<p>El programa DTA tiene computadoras y pizarras interactivas para un enfoque de aprendizaje &quot;pr\u00e1ctico&quot;. Esto proporciona estimulaci\u00f3n visual para el aprendizaje. Muchos de nuestros miembros prefieren este m\u00e9todo de aprendizaje.<\/p>\n\n\t\t<\/div>\n\t<\/div>\n<\/div><\/div><\/div><\/div><\/div><\/div><\/div><\/div><\/div><\/div><div class=\"qodef-content-grid\"><div class=\"vc_row wpb_row vc_row-fluid qodef-content-alignment-center\"><div class=\"wpb_column vc_column_container vc_col-sm-12 vc_col-has-fill\"><div class=\"vc_column-inner vc_custom_1683229023789\"><div class=\"wpb_wrapper\">\n\t<div class=\"wpb_video_widget wpb_content_element vc_clearfix   vc_video-aspect-ratio-169 vc_video-el-width-80 vc_video-align-center\" >\n\t\t<div class=\"wpb_wrapper\">\n\t\t\t\n\t\t\t<div class=\"wpb_video_wrapper\"><iframe loading=\"lazy\" title=\"UCP&#039;s Adult Day Program (DTA)\" width=\"500\" height=\"281\" src=\"https:\/\/www.youtube.com\/embed\/CKJ9Dkic-qk?feature=oembed\" frameborder=\"0\" allow=\"accelerometer; autoplay; clipboard-write; encrypted-media; gyroscope; picture-in-picture; web-share\" referrerpolicy=\"strict-origin-when-cross-origin\" allowfullscreen><\/iframe><\/div>\n\t\t<\/div>\n\t<\/div>\n<\/div><\/div><\/div><\/div><\/div><div class=\"qodef-content-grid\"><div class=\"vc_row wpb_row vc_row-fluid vc_custom_1587607413884 vc_row-has-fill\"><div class=\"wpb_column vc_column_container vc_col-sm-12 vc_col-lg-6 vc_col-md-12 vc_col-xs-12\"><div class=\"vc_column-inner vc_custom_1574332214636\"><div class=\"wpb_wrapper\"><div class='gf_submission_limit_message'><p>Sorry. This form is no longer accepting new submissions.<\/p><\/div><\/div><\/div><\/div><div class=\"wpb_column vc_column_container vc_col-sm-12 vc_col-lg-6 vc_col-md-12 vc_col-xs-12\"><div class=\"vc_column-inner vc_custom_1574332218318\"><div class=\"wpb_wrapper\">\n\t<div class=\"wpb_text_column wpb_content_element\" >\n\t\t<div class=\"wpb_wrapper\">\n\t\t\t<h2>Interested in our program or have any questions?<\/h2>\n\n\t\t<\/div>\n\t<\/div>\n<div class=\"vc_empty_space\"   style=\"height: 9px\"><span class=\"vc_empty_space_inner\"><\/span><\/div>\n\t<div class=\"wpb_text_column wpb_content_element\" >\n\t\t<div class=\"wpb_wrapper\">\n\t\t\t<p>We would love to hear from you, please use this form to leave us a message and give us a little summary of who is seeking to attend our program.<\/p>\n<p>Si tiene un negocio que puede donar materiales, actividades o equipos para los miembros de nuestro DTA, \u00a1cont\u00e1ctenos hoy usando este formulario!<\/p>\n\n\t\t<\/div>\n\t<\/div>\n<\/div><\/div><\/div><\/div><\/div><div class=\"qodef-content-grid\"><div class=\"vc_row wpb_row vc_row-fluid vc_custom_1570113973386 vc_row-has-fill\"><div class=\"wpb_column vc_column_container vc_col-sm-12\"><div class=\"vc_column-inner\"><div class=\"wpb_wrapper\"><\/div><\/div><\/div><\/div><\/div>\n<\/div>","protected":false},"excerpt":{"rendered":"Day Treatment and Training for Adults Provides services to adults with disabilities in both center and community settings. POSSIBILITIES REALIZED \u2122 Learning Independence Provides members with opportunities to learn socialization and to improve their language and communication skills, as well as goals established in their Individual Service Plans. It is designed to offer members with [...]","protected":false},"author":15,"featured_media":0,"parent":299,"menu_order":0,"comment_status":"closed","ping_status":"closed","template":"page-full-width.php","meta":{"nf_dc_page":"","footnotes":""},"class_list":["post-977","page","type-page","status-publish","hentry"],"_links":{"self":[{"href":"https:\/\/ucpofcentralaz.org\/es\/wp-json\/wp\/v2\/pages\/977","targetHints":{"allow":["GET"]}}],"collection":[{"href":"https:\/\/ucpofcentralaz.org\/es\/wp-json\/wp\/v2\/pages"}],"about":[{"href":"https:\/\/ucpofcentralaz.org\/es\/wp-json\/wp\/v2\/types\/page"}],"author":[{"embeddable":true,"href":"https:\/\/ucpofcentralaz.org\/es\/wp-json\/wp\/v2\/users\/15"}],"replies":[{"embeddable":true,"href":"https:\/\/ucpofcentralaz.org\/es\/wp-json\/wp\/v2\/comments?post=977"}],"version-history":[{"count":5,"href":"https:\/\/ucpofcentralaz.org\/es\/wp-json\/wp\/v2\/pages\/977\/revisions"}],"predecessor-version":[{"id":12679,"href":"https:\/\/ucpofcentralaz.org\/es\/wp-json\/wp\/v2\/pages\/977\/revisions\/12679"}],"up":[{"embeddable":true,"href":"https:\/\/ucpofcentralaz.org\/es\/wp-json\/wp\/v2\/pages\/299"}],"wp:attachment":[{"href":"https:\/\/ucpofcentralaz.org\/es\/wp-json\/wp\/v2\/media?parent=977"}],"curies":[{"name":"wp","href":"https:\/\/api.w.org\/{rel}","templated":true}]}}